{"version":"1.0","provider_name":"le regard du sportif","provider_url":"https:\/\/oeilsportif.info","title":"Cyclisme : un Tour de France f\u00e9minin en 2022 ? - le regard du sportif","type":"rich","width":600,"height":338,"html":"<blockquote class=\"wp-embedded-content\" data-secret=\"xKaXx0rB2B\"><a href=\"https:\/\/oeilsportif.info\/index.php\/cyclisme-un-tour-de-france-feminin-en-2022\/\">Cyclisme : un Tour de France f\u00e9minin en 2022 ?<\/a><\/blockquote><iframe sandbox=\"allow-scripts\" security=\"restricted\" src=\"https:\/\/oeilsportif.info\/index.php\/cyclisme-un-tour-de-france-feminin-en-2022\/embed\/#?secret=xKaXx0rB2B\" width=\"600\" height=\"338\" title=\"\u00ab\u00a0Cyclisme : un Tour de France f\u00e9minin en 2022 ?\u00a0\u00bb &#8212; le regard du sportif\" data-secret=\"xKaXx0rB2B\" frameborder=\"0\" marginwidth=\"0\" marginheight=\"0\" scrolling=\"no\" class=\"wp-embedded-content\"><\/iframe><script type=\"text\/javascript\">\n\/* <![CDATA[ *\/\n\/*! This file is auto-generated *\/\n!function(d,l){\"use strict\";l.querySelector&&d.addEventListener&&\"undefined\"!=typeof URL&&(d.wp=d.wp||{},d.wp.receiveEmbedMessage||(d.wp.receiveEmbedMessage=function(e){var t=e.data;if((t||t.secret||t.message||t.value)&&!\/[^a-zA-Z0-9]\/.test(t.secret)){for(var s,r,n,a=l.querySelectorAll('iframe[data-secret=\"'+t.secret+'\"]'),o=l.querySelectorAll('blockquote[data-secret=\"'+t.secret+'\"]'),c=new RegExp(\"^https?:$\",\"i\"),i=0;i<o.length;i++)o[i].style.display=\"none\";for(i=0;i<a.length;i++)s=a[i],e.source===s.contentWindow&&(s.removeAttribute(\"style\"),\"height\"===t.message?(1e3<(r=parseInt(t.value,10))?r=1e3:~~r<200&&(r=200),s.height=r):\"link\"===t.message&&(r=new URL(s.getAttribute(\"src\")),n=new URL(t.value),c.test(n.protocol))&&n.host===r.host&&l.activeElement===s&&(d.top.location.href=t.value))}},d.addEventListener(\"message\",d.wp.receiveEmbedMessage,!1),l.addEventListener(\"DOMContentLoaded\",function(){for(var e,t,s=l.querySelectorAll(\"iframe.wp-embedded-content\"),r=0;r<s.length;r++)(t=(e=s[r]).getAttribute(\"data-secret\"))||(t=Math.random().toString(36).substring(2,12),e.src+=\"#?secret=\"+t,e.setAttribute(\"data-secret\",t)),e.contentWindow.postMessage({message:\"ready\",secret:t},\"*\")},!1)))}(window,document);\n\/\/# sourceURL=https:\/\/oeilsportif.info\/wp-includes\/js\/wp-embed.min.js\n\/* ]]> *\/\n<\/script>\n","thumbnail_url":"https:\/\/oeilsportif.info\/wp-content\/uploads\/2022\/06\/XRONBZRFKJKIFKZSVUTXAEAHK4.jpg","thumbnail_width":932,"thumbnail_height":582,"description":"L\u2019organisation d\u2019un Paris-Roubaix pour les femmes le m\u00eame jour que les hommes le 25 octobre, suscite l\u2019enthousiasme du cyclisme f\u00e9minin. Et annonce un tr\u00e8s probable retour d\u2019une Grande Boucle f\u00e9minine. Sous les pav\u00e9s, le Tour? C&rsquo;est presque pass\u00e9 inaper\u00e7u mais le cyclisme f\u00e9minin fran\u00e7ais a re\u00e7u un \u00e9norme coup de pouce mardi dernier avec l&rsquo;annonce [&hellip;]"}