{"version":"1.0","provider_name":"le regard du sportif","provider_url":"https:\/\/oeilsportif.info","title":"CAN\u2019MARACANA \u2013 CAMEROUN 2022 : LA C\u00d4TE D\u2019IVOIRE, EN MA\u00ceTRE - le regard du sportif","type":"rich","width":600,"height":338,"html":"<blockquote class=\"wp-embedded-content\" data-secret=\"iGpeZn0kVZ\"><a href=\"https:\/\/oeilsportif.info\/index.php\/canmaracana-cameroun-2022-la-cote-divoire-en-maitre\/\">CAN\u2019MARACANA \u2013 CAMEROUN 2022 : LA C\u00d4TE D\u2019IVOIRE, EN MA\u00ceTRE<\/a><\/blockquote><iframe sandbox=\"allow-scripts\" security=\"restricted\" src=\"https:\/\/oeilsportif.info\/index.php\/canmaracana-cameroun-2022-la-cote-divoire-en-maitre\/embed\/#?secret=iGpeZn0kVZ\" width=\"600\" height=\"338\" title=\"\u00ab\u00a0CAN\u2019MARACANA \u2013 CAMEROUN 2022 : LA C\u00d4TE D\u2019IVOIRE, EN MA\u00ceTRE\u00a0\u00bb &#8212; le regard du sportif\" data-secret=\"iGpeZn0kVZ\" frameborder=\"0\" marginwidth=\"0\" marginheight=\"0\" scrolling=\"no\" class=\"wp-embedded-content\"><\/iframe><script type=\"text\/javascript\">\n\/* <![CDATA[ *\/\n\/*! This file is auto-generated *\/\n!function(d,l){\"use strict\";l.querySelector&&d.addEventListener&&\"undefined\"!=typeof URL&&(d.wp=d.wp||{},d.wp.receiveEmbedMessage||(d.wp.receiveEmbedMessage=function(e){var t=e.data;if((t||t.secret||t.message||t.value)&&!\/[^a-zA-Z0-9]\/.test(t.secret)){for(var s,r,n,a=l.querySelectorAll('iframe[data-secret=\"'+t.secret+'\"]'),o=l.querySelectorAll('blockquote[data-secret=\"'+t.secret+'\"]'),c=new RegExp(\"^https?:$\",\"i\"),i=0;i<o.length;i++)o[i].style.display=\"none\";for(i=0;i<a.length;i++)s=a[i],e.source===s.contentWindow&&(s.removeAttribute(\"style\"),\"height\"===t.message?(1e3<(r=parseInt(t.value,10))?r=1e3:~~r<200&&(r=200),s.height=r):\"link\"===t.message&&(r=new URL(s.getAttribute(\"src\")),n=new URL(t.value),c.test(n.protocol))&&n.host===r.host&&l.activeElement===s&&(d.top.location.href=t.value))}},d.addEventListener(\"message\",d.wp.receiveEmbedMessage,!1),l.addEventListener(\"DOMContentLoaded\",function(){for(var e,t,s=l.querySelectorAll(\"iframe.wp-embedded-content\"),r=0;r<s.length;r++)(t=(e=s[r]).getAttribute(\"data-secret\"))||(t=Math.random().toString(36).substring(2,12),e.src+=\"#?secret=\"+t,e.setAttribute(\"data-secret\",t)),e.contentWindow.postMessage({message:\"ready\",secret:t},\"*\")},!1)))}(window,document);\n\/\/# sourceURL=https:\/\/oeilsportif.info\/wp-includes\/js\/wp-embed.min.js\n\/* ]]> *\/\n<\/script>\n","thumbnail_url":"https:\/\/oeilsportif.info\/wp-content\/uploads\/2022\/09\/DSC_0551.jpg","thumbnail_width":600,"thumbnail_height":400,"description":"Apr\u00e8s avoir battu en finale les Etalons du Burkina Faso (1-2), les El\u00e9phants de la C\u00f4te d\u2019Ivoire sont sacr\u00e9s champions d\u2019Afrique pour la 8e fois cons\u00e9cutive, hier 24 septembre \u00e0 Yaound\u00e9. La 9e \u00e9dition de la Coupe d\u2019Afrique des Nations de Maracana s\u2019est disput\u00e9e au Cameroun. Apr\u00e8s la petite finale qui a vu la victoire [&hellip;]"}