{"version":"1.0","provider_name":"le regard du sportif","provider_url":"https:\/\/oeilsportif.info","title":"CAN 2023 : \u201cPokou\u201d, le ballon officiel d\u00e9voil\u00e9 ! - le regard du sportif","type":"rich","width":600,"height":338,"html":"<blockquote class=\"wp-embedded-content\" data-secret=\"D4YfxsKE6W\"><a href=\"https:\/\/oeilsportif.info\/index.php\/can-2023-pokou-le-ballon-officiel-devoile\/\">CAN 2023 : \u201cPokou\u201d, le ballon officiel d\u00e9voil\u00e9 !<\/a><\/blockquote><iframe sandbox=\"allow-scripts\" security=\"restricted\" src=\"https:\/\/oeilsportif.info\/index.php\/can-2023-pokou-le-ballon-officiel-devoile\/embed\/#?secret=D4YfxsKE6W\" width=\"600\" height=\"338\" title=\"\u00ab\u00a0CAN 2023 : \u201cPokou\u201d, le ballon officiel d\u00e9voil\u00e9 !\u00a0\u00bb &#8212; le regard du sportif\" data-secret=\"D4YfxsKE6W\" frameborder=\"0\" marginwidth=\"0\" marginheight=\"0\" scrolling=\"no\" class=\"wp-embedded-content\"><\/iframe><script type=\"text\/javascript\">\n\/* <![CDATA[ *\/\n\/*! This file is auto-generated *\/\n!function(d,l){\"use strict\";l.querySelector&&d.addEventListener&&\"undefined\"!=typeof URL&&(d.wp=d.wp||{},d.wp.receiveEmbedMessage||(d.wp.receiveEmbedMessage=function(e){var t=e.data;if((t||t.secret||t.message||t.value)&&!\/[^a-zA-Z0-9]\/.test(t.secret)){for(var s,r,n,a=l.querySelectorAll('iframe[data-secret=\"'+t.secret+'\"]'),o=l.querySelectorAll('blockquote[data-secret=\"'+t.secret+'\"]'),c=new RegExp(\"^https?:$\",\"i\"),i=0;i<o.length;i++)o[i].style.display=\"none\";for(i=0;i<a.length;i++)s=a[i],e.source===s.contentWindow&&(s.removeAttribute(\"style\"),\"height\"===t.message?(1e3<(r=parseInt(t.value,10))?r=1e3:~~r<200&&(r=200),s.height=r):\"link\"===t.message&&(r=new URL(s.getAttribute(\"src\")),n=new URL(t.value),c.test(n.protocol))&&n.host===r.host&&l.activeElement===s&&(d.top.location.href=t.value))}},d.addEventListener(\"message\",d.wp.receiveEmbedMessage,!1),l.addEventListener(\"DOMContentLoaded\",function(){for(var e,t,s=l.querySelectorAll(\"iframe.wp-embedded-content\"),r=0;r<s.length;r++)(t=(e=s[r]).getAttribute(\"data-secret\"))||(t=Math.random().toString(36).substring(2,12),e.src+=\"#?secret=\"+t,e.setAttribute(\"data-secret\",t)),e.contentWindow.postMessage({message:\"ready\",secret:t},\"*\")},!1)))}(window,document);\n\/\/# sourceURL=https:\/\/oeilsportif.info\/wp-includes\/js\/wp-embed.min.js\n\/* ]]> *\/\n<\/script>\n","thumbnail_url":"https:\/\/oeilsportif.info\/wp-content\/uploads\/2023\/10\/FB_IMG_1698136438313.jpg","thumbnail_width":1080,"thumbnail_height":1350,"description":"A exactement deux mois et 21 jours du d\u00e9but de la\u00a0CAN 2023, la Conf\u00e9d\u00e9ration africaine de football (CAF) et l\u2019\u00e9quipementier Puma ont pr\u00e9sent\u00e9 le ballon officiel de la comp\u00e9tition ce lundi. Il avait \u00e9t\u00e9 pr\u00e9sent\u00e9 une premi\u00e8re fois, furtivement, le 12 octobre dernier, en marge de la c\u00e9r\u00e9monie de tirage au sort de la phase [&hellip;]"}